{"id":75,"date":"2023-06-22T09:43:13","date_gmt":"2023-06-22T09:43:13","guid":{"rendered":"https:\/\/donnacappella.de\/?page_id=75"},"modified":"2024-07-24T10:05:39","modified_gmt":"2024-07-24T10:05:39","slug":"repertoire","status":"publish","type":"page","link":"https:\/\/donnacappella.de\/?page_id=75","title":{"rendered":"Repertoire"},"content":{"rendered":"\n<h1 class=\"wp-block-heading\">Classics<\/h1>\n\n\n\n<ul class=\"wp-block-list\">\n<li>You\u2019ve got a Friend<\/li>\n\n\n\n<li>Close to You<\/li>\n\n\n\n<li>Good Night<\/li>\n\n\n\n<li>Lean on Me<\/li>\n\n\n\n<li>On Broadway<\/li>\n\n\n\n<li>Higher and Higer<\/li>\n\n\n\n<li>Strong enough<\/li>\n\n\n\n<li>I am what I am<\/li>\n\n\n\n<li>Will ye go, Lassie go<\/li>\n\n\n\n<li>Let\u2019s go sing it<\/li>\n\n\n\n<li>Oh, Happy Day<\/li>\n\n\n\n<li>California Dreamin\u2018<\/li>\n\n\n\n<li>Die Rose<\/li>\n\n\n\n<li>Stand by me<\/li>\n\n\n\n<li>Sometimes I feel<\/li>\n\n\n\n<li><\/li>\n\n\n\n<li><\/li>\n<\/ul>\n\n\n\n<div style=\"height:28px\" aria-hidden=\"true\" class=\"wp-block-spacer\"><\/div>\n\n\n\n<hr class=\"wp-block-separator has-alpha-channel-opacity\"\/>\n\n\n\n<h1 class=\"wp-block-heading\">Gl\u00fcck und Leid im Pettikleid<\/h1>\n\n\n\n<h2 class=\"wp-block-heading\">Erstauff\u00fchrung 2015<\/h2>\n\n\n\n<p>Songs der 50er und 60er standen auf dem Spielplan. Textlich umgestaltet versuchten wir Antworten auf brennende Schlager-Fragen zu finden: Gibt es die gro\u00dfe Liebe wirklich nur in Paris? Oder liegt das Gl\u00fcck eher auf der Penny Lane? Und wer ist eigentlich Maria?\u00a0<\/p>\n\n\n\n<figure class=\"wp-block-image size-full\"><img loading=\"lazy\" decoding=\"async\" width=\"800\" height=\"480\" src=\"https:\/\/donnacappella.de\/wp-content\/uploads\/2024\/07\/Donnacappella_Pettikleid.jpg\" alt=\"\" class=\"wp-image-391\" srcset=\"https:\/\/donnacappella.de\/wp-content\/uploads\/2024\/07\/Donnacappella_Pettikleid.jpg 800w, https:\/\/donnacappella.de\/wp-content\/uploads\/2024\/07\/Donnacappella_Pettikleid-300x180.jpg 300w, https:\/\/donnacappella.de\/wp-content\/uploads\/2024\/07\/Donnacappella_Pettikleid-768x461.jpg 768w\" sizes=\"auto, (max-width: 800px) 100vw, 800px\" \/><\/figure>\n\n\n\n<div style=\"height:100px\" aria-hidden=\"true\" class=\"wp-block-spacer\"><\/div>\n\n\n\n<hr class=\"wp-block-separator has-alpha-channel-opacity\"\/>\n\n\n\n<p><\/p>\n\n\n\n<h1 class=\"wp-block-heading\">Couchzone<\/h1>\n\n\n\n<h2 class=\"wp-block-heading\">Erstauff\u00fchrung 2012<\/h2>\n\n\n\n<figure class=\"wp-block-gallery has-nested-images columns-default is-cropped wp-block-gallery-1 is-layout-flex wp-block-gallery-is-layout-flex\"><\/figure>\n\n\n\n<div style=\"height:100px\" aria-hidden=\"true\" class=\"wp-block-spacer\"><\/div>\n\n\n\n<div style=\"height:22px\" aria-hidden=\"true\" class=\"wp-block-spacer\"><\/div>\n\n\n\n<hr class=\"wp-block-separator has-alpha-channel-opacity\"\/>\n\n\n\n<p><\/p>\n\n\n\n<h1 class=\"wp-block-heading\">V\u00f6llig losgel\u00f6st &#8211; Im Singflug durchs All<\/h1>\n\n\n\n<h2 class=\"wp-block-heading\">Erstauff\u00fchrung 2009<\/h2>\n\n\n\n<p>Die Crew der Donna Voyager auf Ihre Reise durch die unendlichen Weiten des Alls, auf der Suche nach dem Sinn des Lebens und der echten, wahren Liebe&#8230;<\/p>\n\n\n\n<ul class=\"wp-block-list\">\n<li>Introduction<\/li>\n\n\n\n<li>Monotonie<\/li>\n\n\n\n<li>Codonna<\/li>\n\n\n\n<li>Vom selben Stern<\/li>\n\n\n\n<li>Kleine Taschenlampe brenn<\/li>\n\n\n\n<li>Ave Maris Stella<\/li>\n<\/ul>\n\n\n\n<div style=\"height:14px\" aria-hidden=\"true\" class=\"wp-block-spacer\"><\/div>\n\n\n\n<figure class=\"wp-block-gallery has-nested-images columns-default is-cropped wp-block-gallery-2 is-layout-flex wp-block-gallery-is-layout-flex\">\n<figure class=\"wp-block-image size-large\"><img loading=\"lazy\" decoding=\"async\" width=\"600\" height=\"399\" data-id=\"288\" src=\"https:\/\/donnacappella.de\/wp-content\/uploads\/2023\/11\/DSC3880.jpg\" alt=\"\" class=\"wp-image-288\" srcset=\"https:\/\/donnacappella.de\/wp-content\/uploads\/2023\/11\/DSC3880.jpg 600w, https:\/\/donnacappella.de\/wp-content\/uploads\/2023\/11\/DSC3880-300x200.jpg 300w\" sizes=\"auto, (max-width: 600px) 100vw, 600px\" \/><\/figure>\n\n\n\n<figure class=\"wp-block-image size-large\"><img loading=\"lazy\" decoding=\"async\" width=\"600\" height=\"399\" data-id=\"291\" src=\"https:\/\/donnacappella.de\/wp-content\/uploads\/2023\/11\/DSC3948-1.jpg\" alt=\"\" class=\"wp-image-291\" srcset=\"https:\/\/donnacappella.de\/wp-content\/uploads\/2023\/11\/DSC3948-1.jpg 600w, https:\/\/donnacappella.de\/wp-content\/uploads\/2023\/11\/DSC3948-1-300x200.jpg 300w\" sizes=\"auto, (max-width: 600px) 100vw, 600px\" \/><\/figure>\n\n\n\n<figure class=\"wp-block-image size-large\"><img loading=\"lazy\" decoding=\"async\" width=\"600\" height=\"399\" data-id=\"290\" src=\"https:\/\/donnacappella.de\/wp-content\/uploads\/2023\/11\/DSC4037.jpg\" alt=\"\" class=\"wp-image-290\" srcset=\"https:\/\/donnacappella.de\/wp-content\/uploads\/2023\/11\/DSC4037.jpg 600w, https:\/\/donnacappella.de\/wp-content\/uploads\/2023\/11\/DSC4037-300x200.jpg 300w\" sizes=\"auto, (max-width: 600px) 100vw, 600px\" \/><\/figure>\n\n\n\n<figure class=\"wp-block-image size-large\"><img loading=\"lazy\" decoding=\"async\" width=\"1024\" height=\"680\" data-id=\"287\" src=\"https:\/\/donnacappella.de\/wp-content\/uploads\/2023\/11\/DSC3833-1024x680.jpg\" alt=\"\" class=\"wp-image-287\" srcset=\"https:\/\/donnacappella.de\/wp-content\/uploads\/2023\/11\/DSC3833-1024x680.jpg 1024w, https:\/\/donnacappella.de\/wp-content\/uploads\/2023\/11\/DSC3833-300x199.jpg 300w, https:\/\/donnacappella.de\/wp-content\/uploads\/2023\/11\/DSC3833-768x510.jpg 768w, https:\/\/donnacappella.de\/wp-content\/uploads\/2023\/11\/DSC3833.jpg 1029w\" sizes=\"auto, (max-width: 1024px) 100vw, 1024px\" \/><\/figure>\n\n\n\n<figure class=\"wp-block-image size-large\"><img loading=\"lazy\" decoding=\"async\" width=\"303\" height=\"293\" data-id=\"289\" src=\"https:\/\/donnacappella.de\/wp-content\/uploads\/2023\/11\/plakat.jpg\" alt=\"\" class=\"wp-image-289\" srcset=\"https:\/\/donnacappella.de\/wp-content\/uploads\/2023\/11\/plakat.jpg 303w, https:\/\/donnacappella.de\/wp-content\/uploads\/2023\/11\/plakat-300x290.jpg 300w\" sizes=\"auto, (max-width: 303px) 100vw, 303px\" \/><\/figure>\n<\/figure>\n\n\n\n<div style=\"height:26px\" aria-hidden=\"true\" class=\"wp-block-spacer\"><\/div>\n\n\n\n<p><\/p>\n\n\n\n<hr class=\"wp-block-separator has-alpha-channel-opacity\"\/>\n\n\n\n<h1 class=\"wp-block-heading\">Oye Mi Canto &#8211; and feel the Samba!<\/h1>\n\n\n\n<p><\/p>\n\n\n\n<h3 class=\"wp-block-heading\">Erstauff\u00fchrung 2006<\/h3>\n\n\n\n<p><\/p>\n\n\n\n<p>Mit Hits von Antonio Carlos Jobim, lateinamerikanischen Rhythmen und Tanz holten wir ein St\u00fcck Brasilien nach Frankfurt.<\/p>\n\n\n\n<ul class=\"wp-block-list\">\n<li>Chan Chan<\/li>\n\n\n\n<li>Oye Mi Canto<\/li>\n\n\n\n<li>Night And Day<\/li>\n\n\n\n<li>Orfeo\u2019s Quit Nights In Ipanema<\/li>\n\n\n\n<li>Samba Medley<\/li>\n\n\n\n<li>Another Star<\/li>\n\n\n\n<li>Guantanamera<\/li>\n\n\n\n<li>Conga Beat&nbsp;<\/li>\n<\/ul>\n\n\n\n<div style=\"height:16px\" aria-hidden=\"true\" class=\"wp-block-spacer\"><\/div>\n\n\n\n<figure class=\"wp-block-gallery has-nested-images columns-default is-cropped wp-block-gallery-3 is-layout-flex wp-block-gallery-is-layout-flex\">\n<figure class=\"wp-block-image size-large\"><img loading=\"lazy\" decoding=\"async\" width=\"500\" height=\"375\" data-id=\"267\" src=\"https:\/\/donnacappella.de\/wp-content\/uploads\/2023\/11\/paula1.jpg\" alt=\"\" class=\"wp-image-267\" srcset=\"https:\/\/donnacappella.de\/wp-content\/uploads\/2023\/11\/paula1.jpg 500w, https:\/\/donnacappella.de\/wp-content\/uploads\/2023\/11\/paula1-300x225.jpg 300w\" sizes=\"auto, (max-width: 500px) 100vw, 500px\" \/><\/figure>\n\n\n\n<figure class=\"wp-block-image size-large\"><img loading=\"lazy\" decoding=\"async\" width=\"500\" height=\"375\" data-id=\"268\" src=\"https:\/\/donnacappella.de\/wp-content\/uploads\/2023\/11\/gramyo.jpg\" alt=\"\" class=\"wp-image-268\" srcset=\"https:\/\/donnacappella.de\/wp-content\/uploads\/2023\/11\/gramyo.jpg 500w, https:\/\/donnacappella.de\/wp-content\/uploads\/2023\/11\/gramyo-300x225.jpg 300w\" sizes=\"auto, (max-width: 500px) 100vw, 500px\" \/><\/figure>\n\n\n\n<figure class=\"wp-block-image size-full\"><img loading=\"lazy\" decoding=\"async\" width=\"500\" height=\"375\" data-id=\"269\" src=\"https:\/\/donnacappella.de\/wp-content\/uploads\/2023\/11\/inge2.jpg\" alt=\"\" class=\"wp-image-269\" srcset=\"https:\/\/donnacappella.de\/wp-content\/uploads\/2023\/11\/inge2.jpg 500w, https:\/\/donnacappella.de\/wp-content\/uploads\/2023\/11\/inge2-300x225.jpg 300w\" sizes=\"auto, (max-width: 500px) 100vw, 500px\" \/><\/figure>\n\n\n\n<figure class=\"wp-block-image size-large\"><img loading=\"lazy\" decoding=\"async\" width=\"500\" height=\"375\" data-id=\"266\" src=\"https:\/\/donnacappella.de\/wp-content\/uploads\/2023\/11\/lets_dance.jpg\" alt=\"\" class=\"wp-image-266\" srcset=\"https:\/\/donnacappella.de\/wp-content\/uploads\/2023\/11\/lets_dance.jpg 500w, https:\/\/donnacappella.de\/wp-content\/uploads\/2023\/11\/lets_dance-300x225.jpg 300w\" sizes=\"auto, (max-width: 500px) 100vw, 500px\" \/><\/figure>\n\n\n\n<figure class=\"wp-block-image size-large\"><img loading=\"lazy\" decoding=\"async\" width=\"500\" height=\"375\" data-id=\"265\" src=\"https:\/\/donnacappella.de\/wp-content\/uploads\/2023\/11\/conga.jpg\" alt=\"\" class=\"wp-image-265\" srcset=\"https:\/\/donnacappella.de\/wp-content\/uploads\/2023\/11\/conga.jpg 500w, https:\/\/donnacappella.de\/wp-content\/uploads\/2023\/11\/conga-300x225.jpg 300w\" sizes=\"auto, (max-width: 500px) 100vw, 500px\" \/><\/figure>\n<\/figure>\n\n\n\n<div style=\"height:22px\" aria-hidden=\"true\" class=\"wp-block-spacer\"><\/div>\n\n\n\n<hr class=\"wp-block-separator has-alpha-channel-opacity\"\/>\n\n\n\n<h1 class=\"wp-block-heading\">Her Hair<\/h1>\n\n\n\n<h3 class=\"wp-block-heading\">Erstauff\u00fchrung 2003<\/h3>\n\n\n\n<p>Unsere eigene Interpretation des 70er Jahre Musicals setzte neue Ma\u00dfst\u00e4be, was Schauspiel, B\u00fchnenbild, Choreographie und nicht zuletzt unseren Gesang betrifft. <\/p>\n\n\n\n<ul class=\"wp-block-list\">\n<li>Aquarius<\/li>\n\n\n\n<li>Ain\u2019t got no<\/li>\n\n\n\n<li>I got Life<\/li>\n\n\n\n<li>Air<\/li>\n\n\n\n<li>Hair<\/li>\n\n\n\n<li>Easy to be hard<\/li>\n\n\n\n<li>Be-in (Hare Krishna)<\/li>\n\n\n\n<li>Good morning starshine<\/li>\n\n\n\n<li>Let the Sunshine in&nbsp;<\/li>\n<\/ul>\n\n\n\n<div style=\"height:17px\" aria-hidden=\"true\" class=\"wp-block-spacer\"><\/div>\n\n\n\n<figure class=\"wp-block-gallery has-nested-images columns-default is-cropped wp-block-gallery-4 is-layout-flex wp-block-gallery-is-layout-flex\">\n<figure class=\"wp-block-image size-large\"><img loading=\"lazy\" decoding=\"async\" width=\"602\" height=\"400\" data-id=\"275\" src=\"https:\/\/donnacappella.de\/wp-content\/uploads\/2023\/11\/BilleElfi_2.jpg\" alt=\"\" class=\"wp-image-275\" srcset=\"https:\/\/donnacappella.de\/wp-content\/uploads\/2023\/11\/BilleElfi_2.jpg 602w, https:\/\/donnacappella.de\/wp-content\/uploads\/2023\/11\/BilleElfi_2-300x199.jpg 300w\" sizes=\"auto, (max-width: 602px) 100vw, 602px\" \/><\/figure>\n\n\n\n<figure class=\"wp-block-image size-large\"><img loading=\"lazy\" decoding=\"async\" width=\"416\" height=\"400\" data-id=\"274\" src=\"https:\/\/donnacappella.de\/wp-content\/uploads\/2023\/11\/Hair.jpg\" alt=\"\" class=\"wp-image-274\" srcset=\"https:\/\/donnacappella.de\/wp-content\/uploads\/2023\/11\/Hair.jpg 416w, https:\/\/donnacappella.de\/wp-content\/uploads\/2023\/11\/Hair-300x288.jpg 300w\" sizes=\"auto, (max-width: 416px) 100vw, 416px\" \/><\/figure>\n\n\n\n<figure class=\"wp-block-image size-large\"><img loading=\"lazy\" decoding=\"async\" width=\"525\" height=\"400\" data-id=\"272\" src=\"https:\/\/donnacappella.de\/wp-content\/uploads\/2023\/11\/Uschi_Bille_1.jpg\" alt=\"\" class=\"wp-image-272\" srcset=\"https:\/\/donnacappella.de\/wp-content\/uploads\/2023\/11\/Uschi_Bille_1.jpg 525w, https:\/\/donnacappella.de\/wp-content\/uploads\/2023\/11\/Uschi_Bille_1-300x229.jpg 300w\" sizes=\"auto, (max-width: 525px) 100vw, 525px\" \/><\/figure>\n\n\n\n<figure class=\"wp-block-image size-large\"><img loading=\"lazy\" decoding=\"async\" width=\"514\" height=\"400\" data-id=\"271\" src=\"https:\/\/donnacappella.de\/wp-content\/uploads\/2023\/11\/Demo.jpg\" alt=\"\" class=\"wp-image-271\" srcset=\"https:\/\/donnacappella.de\/wp-content\/uploads\/2023\/11\/Demo.jpg 514w, https:\/\/donnacappella.de\/wp-content\/uploads\/2023\/11\/Demo-300x233.jpg 300w\" sizes=\"auto, (max-width: 514px) 100vw, 514px\" \/><\/figure>\n\n\n\n<figure class=\"wp-block-image size-large\"><img loading=\"lazy\" decoding=\"async\" width=\"472\" height=\"399\" data-id=\"273\" src=\"https:\/\/donnacappella.de\/wp-content\/uploads\/2023\/11\/HareKrishna.jpg\" alt=\"\" class=\"wp-image-273\" srcset=\"https:\/\/donnacappella.de\/wp-content\/uploads\/2023\/11\/HareKrishna.jpg 472w, https:\/\/donnacappella.de\/wp-content\/uploads\/2023\/11\/HareKrishna-300x254.jpg 300w\" sizes=\"auto, (max-width: 472px) 100vw, 472px\" \/><\/figure>\n<\/figure>\n\n\n\n<div style=\"height:23px\" aria-hidden=\"true\" class=\"wp-block-spacer\"><\/div>\n\n\n\n<hr class=\"wp-block-separator has-alpha-channel-opacity\"\/>\n\n\n\n<h1 class=\"wp-block-heading\">The Andrew Sisters<\/h1>\n\n\n\n<h2 class=\"wp-block-heading\"><strong>Erstauff\u00fchrung 2000<\/strong><\/h2>\n\n\n\n<p>Mit diesem Programm erinnerten wir an die sehr ber\u00fchmte amerikanische Girl Group und lie\u00dfen den Pop und Swing der 30er und 40er Jahre wieder aufleben.<\/p>\n\n\n\n<ul class=\"wp-block-list\">\n<li>Bei mir bist Du sch\u00f6n<\/li>\n\n\n\n<li>Lollipop<\/li>\n\n\n\n<li>Shoo Shoo Baby<\/li>\n\n\n\n<li>Rum and Coca Cola<\/li>\n\n\n\n<li>My funny Valentine<\/li>\n\n\n\n<li>Sing, Sing, Sing&nbsp;<\/li>\n<\/ul>\n\n\n\n<div style=\"height:17px\" aria-hidden=\"true\" class=\"wp-block-spacer\"><\/div>\n\n\n\n<figure class=\"wp-block-gallery has-nested-images columns-default is-cropped wp-block-gallery-5 is-layout-flex wp-block-gallery-is-layout-flex\">\n<figure class=\"wp-block-image size-large\"><img loading=\"lazy\" decoding=\"async\" width=\"1024\" height=\"686\" data-id=\"282\" src=\"https:\/\/donnacappella.de\/wp-content\/uploads\/2023\/11\/F1000015-1024x686.jpg\" alt=\"\" class=\"wp-image-282\" srcset=\"https:\/\/donnacappella.de\/wp-content\/uploads\/2023\/11\/F1000015-1024x686.jpg 1024w, https:\/\/donnacappella.de\/wp-content\/uploads\/2023\/11\/F1000015-300x201.jpg 300w, https:\/\/donnacappella.de\/wp-content\/uploads\/2023\/11\/F1000015-768x514.jpg 768w, https:\/\/donnacappella.de\/wp-content\/uploads\/2023\/11\/F1000015-1536x1028.jpg 1536w, https:\/\/donnacappella.de\/wp-content\/uploads\/2023\/11\/F1000015.jpg 1840w\" sizes=\"auto, (max-width: 1024px) 100vw, 1024px\" \/><\/figure>\n\n\n\n<figure class=\"wp-block-image size-large\"><img loading=\"lazy\" decoding=\"async\" width=\"1024\" height=\"684\" data-id=\"284\" src=\"https:\/\/donnacappella.de\/wp-content\/uploads\/2023\/11\/Img2699-A-1-1024x684.jpg\" alt=\"\" class=\"wp-image-284\" srcset=\"https:\/\/donnacappella.de\/wp-content\/uploads\/2023\/11\/Img2699-A-1-1024x684.jpg 1024w, https:\/\/donnacappella.de\/wp-content\/uploads\/2023\/11\/Img2699-A-1-300x200.jpg 300w, https:\/\/donnacappella.de\/wp-content\/uploads\/2023\/11\/Img2699-A-1-768x513.jpg 768w, https:\/\/donnacappella.de\/wp-content\/uploads\/2023\/11\/Img2699-A-1-1536x1025.jpg 1536w, https:\/\/donnacappella.de\/wp-content\/uploads\/2023\/11\/Img2699-A-1-2048x1367.jpg 2048w\" sizes=\"auto, (max-width: 1024px) 100vw, 1024px\" \/><\/figure>\n\n\n\n<figure class=\"wp-block-image size-large\"><img loading=\"lazy\" decoding=\"async\" width=\"1024\" height=\"686\" data-id=\"281\" src=\"https:\/\/donnacappella.de\/wp-content\/uploads\/2023\/11\/F1000016-1024x686.jpg\" alt=\"\" class=\"wp-image-281\" srcset=\"https:\/\/donnacappella.de\/wp-content\/uploads\/2023\/11\/F1000016-1024x686.jpg 1024w, https:\/\/donnacappella.de\/wp-content\/uploads\/2023\/11\/F1000016-300x201.jpg 300w, https:\/\/donnacappella.de\/wp-content\/uploads\/2023\/11\/F1000016-768x514.jpg 768w, https:\/\/donnacappella.de\/wp-content\/uploads\/2023\/11\/F1000016-1536x1028.jpg 1536w, https:\/\/donnacappella.de\/wp-content\/uploads\/2023\/11\/F1000016.jpg 1840w\" sizes=\"auto, (max-width: 1024px) 100vw, 1024px\" \/><\/figure>\n<\/figure>\n\n\n\n<div style=\"height:21px\" aria-hidden=\"true\" class=\"wp-block-spacer\"><\/div>\n\n\n\n<hr class=\"wp-block-separator has-alpha-channel-opacity\"\/>\n\n\n\n<h1 class=\"wp-block-heading\">DonnAcappella sings Ella<\/h1>\n\n\n\n<h2 class=\"wp-block-heading\">Erstauff\u00fchrung 1999<\/h2>\n\n\n\n<p>Unser erstes abendf\u00fcllendes Programm mit Choreographie und B\u00fchnenbild widmeten wir der Jazzlegende Ella Fitzgerald.<\/p>\n\n\n\n<ul class=\"wp-block-list\">\n<li>Sentimental Journey<\/li>\n\n\n\n<li>Fly me to the Moon<\/li>\n\n\n\n<li>One Note Samba<\/li>\n\n\n\n<li>Mack The Knife<\/li>\n\n\n\n<li>Ella-Medley&nbsp;<\/li>\n<\/ul>\n\n\n\n<div style=\"height:16px\" aria-hidden=\"true\" class=\"wp-block-spacer\"><\/div>\n\n\n\n<figure class=\"wp-block-gallery has-nested-images columns-default is-cropped wp-block-gallery-6 is-layout-flex wp-block-gallery-is-layout-flex\">\n<figure class=\"wp-block-image size-large\"><img loading=\"lazy\" decoding=\"async\" width=\"169\" height=\"250\" data-id=\"294\" src=\"https:\/\/donnacappella.de\/wp-content\/uploads\/2023\/11\/donna3.jpg\" alt=\"\" class=\"wp-image-294\"\/><\/figure>\n\n\n\n<figure class=\"wp-block-image size-large\"><img loading=\"lazy\" decoding=\"async\" width=\"202\" height=\"200\" data-id=\"295\" src=\"https:\/\/donnacappella.de\/wp-content\/uploads\/2023\/11\/donna4.jpg\" alt=\"\" class=\"wp-image-295\" srcset=\"https:\/\/donnacappella.de\/wp-content\/uploads\/2023\/11\/donna4.jpg 202w, https:\/\/donnacappella.de\/wp-content\/uploads\/2023\/11\/donna4-150x150.jpg 150w\" sizes=\"auto, (max-width: 202px) 100vw, 202px\" \/><\/figure>\n\n\n\n<figure class=\"wp-block-image size-large\"><img loading=\"lazy\" decoding=\"async\" width=\"164\" height=\"224\" data-id=\"296\" src=\"https:\/\/donnacappella.de\/wp-content\/uploads\/2023\/11\/donna5.jpg\" alt=\"\" class=\"wp-image-296\"\/><\/figure>\n\n\n\n<figure class=\"wp-block-image size-large\"><img loading=\"lazy\" decoding=\"async\" width=\"282\" height=\"173\" data-id=\"297\" src=\"https:\/\/donnacappella.de\/wp-content\/uploads\/2023\/11\/donna6.jpg\" alt=\"\" class=\"wp-image-297\"\/><\/figure>\n\n\n\n<figure class=\"wp-block-image size-large\"><img loading=\"lazy\" decoding=\"async\" width=\"300\" height=\"194\" data-id=\"293\" src=\"https:\/\/donnacappella.de\/wp-content\/uploads\/2023\/11\/donna2.jpg\" alt=\"\" class=\"wp-image-293\"\/><\/figure>\n<\/figure>\n\n\n\n<div style=\"height:100px\" aria-hidden=\"true\" class=\"wp-block-spacer\"><\/div>\n","protected":false},"excerpt":{"rendered":"<p>Classics Gl\u00fcck und Leid im Pettikleid Erstauff\u00fchrung 2015 Songs der 50er und 60er standen auf dem Spielplan. Textlich umgestaltet versuchten wir Antworten auf brennende Schlager-Fragen zu finden: Gibt es die gro\u00dfe Liebe wirklich nur in Paris? Oder liegt das Gl\u00fcck eher auf der Penny Lane? Und wer ist eigentlich Maria?\u00a0 Couchzone Erstauff\u00fchrung 2012 V\u00f6llig losgel\u00f6st [&hellip;]<\/p>\n","protected":false},"author":1,"featured_media":0,"parent":0,"menu_order":0,"comment_status":"closed","ping_status":"closed","template":"","meta":{"footnotes":""},"class_list":["post-75","page","type-page","status-publish","czr-hentry"],"_links":{"self":[{"href":"https:\/\/donnacappella.de\/index.php?rest_route=\/wp\/v2\/pages\/75","targetHints":{"allow":["GET"]}}],"collection":[{"href":"https:\/\/donnacappella.de\/index.php?rest_route=\/wp\/v2\/pages"}],"about":[{"href":"https:\/\/donnacappella.de\/index.php?rest_route=\/wp\/v2\/types\/page"}],"author":[{"embeddable":true,"href":"https:\/\/donnacappella.de\/index.php?rest_route=\/wp\/v2\/users\/1"}],"replies":[{"embeddable":true,"href":"https:\/\/donnacappella.de\/index.php?rest_route=%2Fwp%2Fv2%2Fcomments&post=75"}],"version-history":[{"count":21,"href":"https:\/\/donnacappella.de\/index.php?rest_route=\/wp\/v2\/pages\/75\/revisions"}],"predecessor-version":[{"id":394,"href":"https:\/\/donnacappella.de\/index.php?rest_route=\/wp\/v2\/pages\/75\/revisions\/394"}],"wp:attachment":[{"href":"https:\/\/donnacappella.de\/index.php?rest_route=%2Fwp%2Fv2%2Fmedia&parent=75"}],"curies":[{"name":"wp","href":"https:\/\/api.w.org\/{rel}","templated":true}]}}