{"id":50,"date":"2023-06-21T16:16:38","date_gmt":"2023-06-21T16:16:38","guid":{"rendered":"https:\/\/donnacappella.de\/?page_id=50"},"modified":"2023-11-29T17:28:06","modified_gmt":"2023-11-29T17:28:06","slug":"datenschutzerklaerung","status":"publish","type":"page","link":"https:\/\/donnacappella.de\/?page_id=50","title":{"rendered":"Datenschutzerkl\u00e4rung"},"content":{"rendered":"\n<p>Wir freuen uns \u00fcber Ihren Besuch auf unserer Website www.donnacappella.de (\u201eWebsite\u201c) sowie \u00fcber Ihr Interesse an unserem Verein. Anl\u00e4sslich Ihres Besuches unserer Website verarbeiten wir auch personenbezogene Daten im Sinne des Art. 4 Nr. 1 DSGVO (\u201eDaten\u201c) von Ihnen. Uns ist die Bedeutung der uns anvertrauten Daten bewusst. Der Schutz Ihrer Privatsph\u00e4re bei der Verarbeitung Ihrer Daten ist uns ein wichtiges Anliegen, das wir bei unseren Gesch\u00e4ftsprozessen ber\u00fccksichtigen. Der Umgang mit Ihren Daten erfolgt in \u00dcbereinstimmung mit den gesetzlichen Anforderungen zum Datenschutz.<\/p>\n\n\n\n<h2 class=\"wp-block-heading\"><strong>Verantwortliche Stelle und Datenschutzbeauftragte<\/strong><\/h2>\n\n\n\n<p>Verantwortliche Stelle gem. Art. 4 Nr. 7 DSGVO f\u00fcr die Verarbeitung Ihrer Daten im Zusammenhang mit dieser Website ist<br>DonnAcappella e. V., vertreten durch die Vorstandsvorsitzende:<br>Corina Friedrich, Auf der L\u00fccke 9, 63679&nbsp;Schotten.<\/p>\n\n\n\n<h2 class=\"wp-block-heading\">Zweck der Datenverarbeitung, Rechtsgrundlage, Speicherdauer, Empf\u00e4nger sowie Drittlandtransfer<\/h2>\n\n\n\n<p>Je nach Verarbeitungszweck kann die Verarbeitung Ihrer Daten auf einer anderen Rechtsgrundlage erfolgen.<br>Im Folgenden benennen wir die unterschiedlichen Zwecke, zu denen Ihre Daten auf unserer Website verarbeitet werden k\u00f6nnen, unter Angabe der einschl\u00e4gigen Rechtsgrundlage sowie eine Angabe zur Speicherdauer. Au\u00dferdem teilen wir Ihnen mit, ob es sich bei diesem Unternehmen um einen Dienstleister handelt und ob ein Transfer Ihrer Daten au\u00dferhalb der EU oder des Europ\u00e4ischen Wirtschaftsraums (\u201e<strong>EWR<\/strong>\u201c) stattfindet.<\/p>\n\n\n\n<h2 class=\"wp-block-heading\">Aufruf unserer Website und Server-Logfile<\/h2>\n\n\n\n<p>Zur Darstellung unserer Website auf Ihrem Endger\u00e4t ist es technisch erforderlich, dass unser Webserver, auf dem unsere Website gehostet ist, Daten von Ihnen verarbeitet. Hierzu verarbeiten wir Ihre IP-Adresse zusammen mit Datum und Uhrzeit des Abrufs, Name und URL der abgerufenen Datei, Referrer-URL (Website, von der aus der Zugriff erfolgt), die \u00fcbertragene Datenmenge und Ladezeit in einem Server-Logfile. Beim Hosting unterst\u00fctzt uns ein Dienstleister.<\/p>\n\n\n\n<p>Rechtsgrundlage f\u00fcr das Speichern von Informationen in Form von Cookies bzw. im Server-Logfile auf Ihrem Endger\u00e4t bzw. der Zugriff diese Informationen in Ihrem Endger\u00e4t ist \u00a7 25 Abs. 2 Nr. 2 TTDSG.<\/p>\n\n\n\n<p>Die Verarbeitung Ihrer Daten erfolgt gem. Art. 6 Abs. 1 lit. f) DSGVO. Die Verarbeitung Ihrer IP-Adresse ist zur Wahrung unserer berechtigten Interessen an der Abrufbarkeit und korrekten Darstellung unserer Website erforderlich. Die dar\u00fcberhinausgehende Speicherung Ihrer Daten in einem Server-Logfile dient der Wahrung unserer berechtigten Interessen, unsere Website sicher und fehlerfrei betreiben und St\u00f6rungen und Fehler erkennen, eingrenzen und beseitigen zu k\u00f6nnen.<\/p>\n\n\n\n<p>Ihre Daten in unserem Server-Logfile werden 30 Tage nach Besuch unserer Website automatisch gel\u00f6scht.<\/p>\n\n\n\n<h2 class=\"wp-block-heading\">Kontaktaufnahme<\/h2>\n\n\n\n<p>Nehmen Sie mittels unseres Kontaktformulars mit uns Kontakt auf, sind die von Ihnen zu machenden Pflichtangaben als solche gekennzeichnet. Diese Angaben sind erforderlich, um Ihre Anfrage bearbeiten zu k\u00f6nnen. Alle weiteren Angaben sind freiwillig und dienen nur dazu, Ihre Anfrage noch passgenauer zu beantworten. Zus\u00e4tzlich k\u00f6nnen Sie mit uns per Telefon, E-Mail, Post oder Fax in Verbindung treten. Die von uns in diesem Zusammenhang von Ihnen verarbeiteten Daten k\u00f6nnen je nach Kommunikationskanal variieren, erfassen jedoch regelm\u00e4\u00dfig Ihren Vor- und Nachnamen, Ihre Adresse, Ihre Telefonnummer, Ihre E-Mail-Adresse sowie Ihre Fax-Nummer.<\/p>\n\n\n\n<h2 class=\"wp-block-heading\">Newsletter<\/h2>\n\n\n\n<p>Wenn Sie sich auf unserer Website f\u00fcr unseren Newsletter anmelden, verarbeiten wir Ihre E-Mail-Adresse als einzige Pflichtangabe. Diese ben\u00f6tigen wir f\u00fcr den Versand des Newsletters. Die Angabe weiterer Daten ist freiwillig und dient Ihrer pers\u00f6nlichen Ansprache.<\/p>\n\n\n\n<p>Rechtsgrundlage f\u00fcr die mit dem Versand des Newsletters einhergehende Datenverarbeitung ist Art.&nbsp;6 Abs. 1 lit. f) DSGVO. Wir haben ein berechtigtes wirtschaftliches Interesse an der Nutzung Ihrer gegen\u00fcber uns erteilten Einwilligung in den Erhalt des Newsletters, um Sie auf diese Weise direkt ansprechen zu k\u00f6nnen und Sie \u00fcber unsere Unternehmensgruppe zu informieren.<\/p>\n\n\n\n<p>Ihre von uns verarbeiteten Daten im Zusammenhang mit der Versendung unseres Newsletters l\u00f6schen wir mit Widerruf Ihrer Einwilligung in den Erhalt des Newsletters, jedoch nicht vor Ablauf gesetzlicher Verj\u00e4hrungsfristen im Zusammenhang mit der Versendung des Newsletters.<\/p>\n\n\n\n<h2 class=\"wp-block-heading\">Technisch-notwendige Cookies und Local Storage<\/h2>\n\n\n\n<p>Cookies sind kleine Dateien, die im Rahmen Ihres Besuchs unserer Website von uns an den Browser Ihres Endger\u00e4ts gesendet und dort gespeichert werden. Auf unserer Website verwenden wir technisch-notwendige Cookies zur Gew\u00e4hrleistung von Grundfunktionen unserer Website. Die Cookies enthalten eine sogenannte Session-ID, mit der verschiedene Anfragen Ihres Endger\u00e4ts w\u00e4hrend Ihres Besuches auf unserer Website zugeordnet werden k\u00f6nnen. Au\u00dferdem speichern wir lokal im Cache, einem Zwischenspeicher Ihres Browsers, Daten (Local Storage).<\/p>\n\n\n\n<p>Rechtsgrundlage der damit einhergehenden Verarbeitung Ihrer Daten ist Art. 6 Abs. 1 lit. f) DSGVO. Der Einsatz technisch-notwendiger Cookies sowie des Local Storage ist zur Wahrung unserer berechtigten Interessen an der Abrufbarkeit, korrekten Darstellung und Sicherstellung der vollen Funktionsf\u00e4higkeit unserer Website erforderlich.<\/p>\n\n\n\n<p>Technisch-notwendige Cookies l\u00f6schen sich sp\u00e4testens, nachdem Sie den von Ihnen verwendeten Browser geschlossen haben. Daten im Local Storage bleiben auch nach dem Schlie\u00dfen des Browsers \u2013 soweit dieser den Cache nicht l\u00f6scht \u2013 bestehen.<\/p>\n\n\n\n<p>Sofern Sie es nicht w\u00fcnschen, dass Cookies auf Ihrem Endger\u00e4t gesetzt oder Daten in Ihrem Local Storage gespeichert werden, k\u00f6nnen Sie dies zentral \u00fcber den von Ihnen genutzten Browser steuern. Ebenfalls \u00fcber Ihren Browser k\u00f6nnen Sie sowohl Cookies als auch Daten aus dem Local Storage l\u00f6schen.<\/p>\n\n\n\n<p>Ein Blockieren oder L\u00f6schen kann jedoch dazu f\u00fchren, dass die Nutzbarkeit unserer Website f\u00fcr Sie merklich eingeschr\u00e4nkt ist.<\/p>\n\n\n\n<h2 class=\"wp-block-heading\">Verwaltung von Einwilligungen<\/h2>\n\n\n\n<p>Auf unserer Website verwenden wir auch technisch nicht notwendige Cookies. Bei Ihrem ersten Besuch auf unserer Website bitten wir Sie um Ihre Einwilligung in die Verwendung solcher Dienste. Zur Verwaltung Ihrer Einwilligung, d.h. die Erteilung bzw. Verweigerung, speichern wir entsprechende Daten in Ihr Local Storage, um Sie bei einem erneuten Besuch unserer Website wiederzuerkennen und nicht erneut nach einer Einwilligung zu fragen. Rechtsgrundlage f\u00fcr dieses Speichern von Informationen auf Ihrem Endger\u00e4t und dem Zugriff auf diese ist \u00a7 25 Abs. 2 Nr. 2 TTDSG. Hierbei verarbeiten wir Ihre IP-Adresse, den Zeitpunkt Ihres Besuchs auf unserer Website sowie Informationen \u00fcber Ihren Browser sowie \u00fcber Ihr Endger\u00e4t.<\/p>\n\n\n\n<p>Die damit einhergehende Verarbeitung Ihrer Daten beruht auf Art. 6 Abs. 1 lit. f) DSGVO und dient unserem berechtigten Interesse, Ihnen eine m\u00f6glichst angenehme Benutzung unserer Website zu erm\u00f6glichen.<\/p>\n\n\n\n<p>Die Einwilligung in Ihrem Local Storage bleibt f\u00fcr eine Lebensdauer von 365 Tagen gespeichert, sofern Sie Ihr Local Storage nicht vorher l\u00f6schen.<\/p>\n\n\n\n<h2 class=\"wp-block-heading\">Empf\u00e4nger der Daten<\/h2>\n\n\n\n<p>Empf\u00e4nger Ihrer Daten sind anl\u00e4sslich Ihres Besuches unserer Website zun\u00e4chst nur die zuvor benannten Personen.<\/p>\n\n\n\n<p>Eine Weitergabe Ihrer Daten an Dritte erfolgt nicht.<\/p>\n\n\n\n<h2 class=\"wp-block-heading\">Erforderlichkeit der Datenerhebung<\/h2>\n\n\n\n<p>Sie sind weder vertraglich noch gesetzlich verpflichtet, uns die in dieser Datenschutzerkl\u00e4rung beschriebenen Daten zur Verf\u00fcgung zu stellen.<\/p>\n\n\n\n<h2 class=\"wp-block-heading\">Ihre Rechte<\/h2>\n\n\n\n<p>Gem\u00e4\u00df den Bestimmungen der DSGVO k\u00f6nnen Sie uns gegen\u00fcber folgende Rechte geltend machen:<\/p>\n\n\n\n<ul class=\"wp-block-list\">\n<li>Recht auf&nbsp;<strong>Auskunft&nbsp;<\/strong>(Art. 15 DSGVO)<\/li>\n\n\n\n<li>Recht auf&nbsp;<strong>Berichtigung<\/strong>&nbsp;(Art. 16 DSGVO)<\/li>\n\n\n\n<li>Recht auf&nbsp;<strong>L\u00f6schung<\/strong>&nbsp;(Art. 17 DSGVO)<\/li>\n\n\n\n<li>Recht auf&nbsp;<strong>Einschr\u00e4nkung der Verarbeitung<\/strong>&nbsp;(Art. 18 DSGVO)<\/li>\n\n\n\n<li>Recht auf&nbsp;<strong>Daten\u00fcbertragbarkeit<\/strong>&nbsp;(Art. 20 DSGVO)<\/li>\n<\/ul>\n\n\n\n<p>Sie haben das Recht, eine uns erteilte&nbsp;<strong>Einwilligung jederzeit<\/strong>&nbsp;mit Wirkung f\u00fcr die Zukunft zu&nbsp;<strong>widerrufen<\/strong>.<\/p>\n\n\n\n<h2 class=\"wp-block-heading\">Widerspruchsrecht des Betroffenen gem\u00e4\u00df Art. 21 DSGVO<\/h2>\n\n\n\n<p>Der Betroffene hat nach Art. 21 DSGVO das Recht, aus Gr\u00fcnden, die sich aus seiner besonderen Situation ergeben,&nbsp;<strong>jederzeit gegen die Verarbeitung<\/strong>&nbsp;ihn betreffender personenbezogener Daten, die aufgrund von Art. 6 Abs. 1 lit. f) DSGVO erfolgt,&nbsp;<strong>Widerspruch mit Wirkung f\u00fcr die Zukunft einzulegen<\/strong>.<\/p>\n\n\n\n<p>Der Verantwortliche verarbeitet die personenbezogenen Daten des Betroffenen dann nicht mehr, es sei denn, der Verantwortliche kann zwingende schutzw\u00fcrdige Gr\u00fcnde f\u00fcr die Verarbeitung nachweisen, die die Interessen, Rechte und Freiheiten des Betroffenen \u00fcberwiegen oder die Verarbeitung dient der Geltendmachung, Aus\u00fcbung oder Verteidigung von Rechtsanspr\u00fcchen.<\/p>\n\n\n\n<p>Einer Verarbeitung der Daten zum Zwecke der Direktwerbung kann der Betroffene jederzeit mit Wirkung f\u00fcr die Zukunft widersprechen. Im Fall des Widerspruchs hat der Verantwortliche jede weitere Verarbeitung der Daten zum Zwecke der Direktwerbung zu unterlassen.<\/p>\n\n\n\n<h2 class=\"wp-block-heading\">Beschwerderecht bei einer Aufsichtsbeh\u00f6rde<\/h2>\n\n\n\n<p>Der Betroffene hat das Recht auf Beschwerde bei einer Aufsichtsbeh\u00f6rde nach Art. 77 DSGVO. Danach kann sich jede betroffene Person unbeschadet eines anderweitigen verwaltungsrechtlichen oder gerichtlichen Rechtsbehelfs bei einer Aufsichtsbeh\u00f6rde, insbesondere in dem Mitgliedstaat ihres Aufenthaltsorts, ihres Arbeitsplatzes oder des Orts des mutma\u00dflichen Versto\u00dfes beschweren, wenn die betroffene Person der Ansicht ist, dass die Verarbeitung der sie betreffenden personenbezogenen Daten gegen die DSGVO verst\u00f6\u00dft.<\/p>\n\n\n\n<p>Die f\u00fcr uns zust\u00e4ndige Datenschutz-Aufsichtsbeh\u00f6rde ist:<\/p>\n\n\n\n<p>Der Hessische Beauftragte f\u00fcr Datenschutz und Informationsfreiheit<br>Gustav-Stresemann-Ring<br>65189 Wiesbaden<\/p>\n\n\n\n<p>Das Online-Beschwerdeformular finden Sie unter dem folgenden Link: <a rel=\"noreferrer noopener\" href=\"https:\/\/datenschutz.hessen.de\/service\/beschwerde\" target=\"_blank\">https:\/\/datenschutz.hessen.de\/service\/beschwerde<\/a><\/p>\n\n\n\n<p>Gerne k\u00f6nnen Sie uns auch zuerst kontaktieren. In einem Telefonat l\u00e4sst sich bekanntlich Vieles kl\u00e4ren.<\/p>\n","protected":false},"excerpt":{"rendered":"<p>Wir freuen uns \u00fcber Ihren Besuch auf unserer Website www.donnacappella.de (\u201eWebsite\u201c) sowie \u00fcber Ihr Interesse an unserem Verein. Anl\u00e4sslich Ihres Besuches unserer Website verarbeiten wir auch personenbezogene Daten im Sinne des Art. 4 Nr. 1 DSGVO (\u201eDaten\u201c) von Ihnen. Uns ist die Bedeutung der uns anvertrauten Daten bewusst. Der Schutz Ihrer Privatsph\u00e4re bei der Verarbeitung [&hellip;]<\/p>\n","protected":false},"author":1,"featured_media":0,"parent":0,"menu_order":0,"comment_status":"closed","ping_status":"closed","template":"","meta":{"footnotes":""},"class_list":["post-50","page","type-page","status-publish","czr-hentry"],"_links":{"self":[{"href":"https:\/\/donnacappella.de\/index.php?rest_route=\/wp\/v2\/pages\/50","targetHints":{"allow":["GET"]}}],"collection":[{"href":"https:\/\/donnacappella.de\/index.php?rest_route=\/wp\/v2\/pages"}],"about":[{"href":"https:\/\/donnacappella.de\/index.php?rest_route=\/wp\/v2\/types\/page"}],"author":[{"embeddable":true,"href":"https:\/\/donnacappella.de\/index.php?rest_route=\/wp\/v2\/users\/1"}],"replies":[{"embeddable":true,"href":"https:\/\/donnacappella.de\/index.php?rest_route=%2Fwp%2Fv2%2Fcomments&post=50"}],"version-history":[{"count":6,"href":"https:\/\/donnacappella.de\/index.php?rest_route=\/wp\/v2\/pages\/50\/revisions"}],"predecessor-version":[{"id":74,"href":"https:\/\/donnacappella.de\/index.php?rest_route=\/wp\/v2\/pages\/50\/revisions\/74"}],"wp:attachment":[{"href":"https:\/\/donnacappella.de\/index.php?rest_route=%2Fwp%2Fv2%2Fmedia&parent=50"}],"curies":[{"name":"wp","href":"https:\/\/api.w.org\/{rel}","templated":true}]}}